{"version":"1.0","provider_name":"\u00c9cole de danse contemporaine de Montr\u00e9al","provider_url":"https:\/\/edcm.ca\/fr\/","author_name":"adesjacques","author_url":"https:\/\/edcm.ca\/fr\/author\/adesjacques\/","title":"Mettre un peu de clart\u00e9 dans ses id\u00e9es | \u00c9cole de danse contemporaine de Montr\u00e9al","type":"rich","width":600,"height":338,"html":"<blockquote class=\"wp-embedded-content\" data-secret=\"Ku1vMKGHvg\"><a href=\"https:\/\/edcm.ca\/fr\/news\/mettre-un-peu-de-clarte-dans-ses-idees\/\">Mettre un peu de clart\u00e9 dans ses id\u00e9es<\/a><\/blockquote><iframe sandbox=\"allow-scripts\" security=\"restricted\" src=\"https:\/\/edcm.ca\/fr\/news\/mettre-un-peu-de-clarte-dans-ses-idees\/embed\/#?secret=Ku1vMKGHvg\" width=\"600\" height=\"338\" title=\"\u00ab\u00a0Mettre un peu de clart\u00e9 dans ses id\u00e9es\u00a0\u00bb &#8212; \u00c9cole de danse contemporaine de Montr\u00e9al\" data-secret=\"Ku1vMKGHvg\" frameborder=\"0\" marginwidth=\"0\" marginheight=\"0\" scrolling=\"no\" class=\"wp-embedded-content\"><\/iframe><script type=\"text\/javascript\">\n\/* <![CDATA[ *\/\n\/*! This file is auto-generated *\/\n!function(d,l){\"use strict\";l.querySelector&&d.addEventListener&&\"undefined\"!=typeof URL&&(d.wp=d.wp||{},d.wp.receiveEmbedMessage||(d.wp.receiveEmbedMessage=function(e){var t=e.data;if((t||t.secret||t.message||t.value)&&!\/[^a-zA-Z0-9]\/.test(t.secret)){for(var s,r,n,a=l.querySelectorAll('iframe[data-secret=\"'+t.secret+'\"]'),o=l.querySelectorAll('blockquote[data-secret=\"'+t.secret+'\"]'),c=new RegExp(\"^https?:$\",\"i\"),i=0;i<o.length;i++)o[i].style.display=\"none\";for(i=0;i<a.length;i++)s=a[i],e.source===s.contentWindow&&(s.removeAttribute(\"style\"),\"height\"===t.message?(1e3<(r=parseInt(t.value,10))?r=1e3:~~r<200&&(r=200),s.height=r):\"link\"===t.message&&(r=new URL(s.getAttribute(\"src\")),n=new URL(t.value),c.test(n.protocol))&&n.host===r.host&&l.activeElement===s&&(d.top.location.href=t.value))}},d.addEventListener(\"message\",d.wp.receiveEmbedMessage,!1),l.addEventListener(\"DOMContentLoaded\",function(){for(var e,t,s=l.querySelectorAll(\"iframe.wp-embedded-content\"),r=0;r<s.length;r++)(t=(e=s[r]).getAttribute(\"data-secret\"))||(t=Math.random().toString(36).substring(2,12),e.src+=\"#?secret=\"+t,e.setAttribute(\"data-secret\",t)),e.contentWindow.postMessage({message:\"ready\",secret:t},\"*\")},!1)))}(window,document);\n\/\/# sourceURL=https:\/\/edcm.ca\/wp-includes\/js\/wp-embed.min.js\n\/* ]]> *\/\n<\/script>\n","thumbnail_url":"https:\/\/edcm.ca\/wp-content\/uploads\/2021\/07\/laura_brisson_edcm2_web.jpg","thumbnail_width":670,"thumbnail_height":376,"description":"Comment organise-t-on son emploi du temps\u2009? C\u2019est un questionnement pertinent \u00e9tant donn\u00e9 les exigences de l\u2019\u00e8re dans laquelle nous vivons, celle o\u00f9 chaque minute semble \u00eatre compt\u00e9e et maximis\u00e9e, mais aussi en raison de l\u2019horaire concis et dense des \u00e9tudiants en danse contemporaine \u00e0 l\u2019EDCM. En ce qui me concerne, je vois deux grandes \u00e9tapes par lesquelles on peut y [&hellip;]"}